{"id":1321,"date":"2020-01-31T01:32:33","date_gmt":"2020-01-31T00:32:33","guid":{"rendered":"http:\/\/deporte.lanjaron.es\/mtb\/?page_id=1321"},"modified":"2026-01-16T17:22:17","modified_gmt":"2026-01-16T16:22:17","slug":"segunda-etapa","status":"publish","type":"page","link":"https:\/\/deporte.lanjaron.es\/mtb\/segunda-etapa\/","title":{"rendered":"2\u00ba Etapa"},"content":{"rendered":"<p><div class=\"fusion-fullwidth fullwidth-box fusion-builder-row-1 fusion-parallax-none nonhundred-percent-fullwidth non-hundred-percent-height-scrolling\" style=\"background-color: rgba(255,255,255,0);background-image: url(&quot;http:\/\/deporte.lanjaron.es\/mtb\/wp-content\/uploads\/2020\/01\/PELOTON_OVERLAY.jpg&quot;);background-position: center center;background-repeat: no-repeat;padding-top:5%;padding-right:0px;padding-bottom:6%;padding-left:0px;margin-bottom: 0px;margin-top: 0px;border-width: 0px 0px 0px 0px;border-color:#f7f7f7;border-style:solid;-webkit-background-size:cover;-moz-background-size:cover;-o-background-size:cover;background-size:cover;\" ><div class=\"fusion-builder-row fusion-row\"><div class=\"fusion-layout-column fusion_builder_column fusion-builder-column-0 fusion_builder_column_1_6 1_6 fusion-one-sixth fusion-column-first fusion-no-small-visibility\" style=\"width:16.666666666667%;width:calc(16.666666666667% - ( ( 4% + 4% ) * 0.16666666666667 ) );margin-right: 4%;margin-top:15px;margin-bottom:15px;\"><div class=\"fusion-column-wrapper fusion-flex-column-wrapper-legacy\" style=\"background-position:left top;background-repeat:no-repeat;-webkit-background-size:cover;-moz-background-size:cover;-o-background-size:cover;background-size:cover;padding: 0px 0px 0px 0px;\"><div class=\"fusion-clearfix\"><\/div><\/div><\/div><div class=\"fusion-layout-column fusion_builder_column fusion-builder-column-1 fusion_builder_column_2_3 2_3 fusion-two-third fusion-animated\" style=\"width:66.666666666667%;width:calc(66.666666666667% - ( ( 4% + 4% ) * 0.66666666666667 ) );margin-right: 4%;margin-top:30px;margin-bottom:60px;\" data-animationType=\"fadeInDown\" data-animationDuration=\"1.0\" data-animationOffset=\"top-into-view\"><div class=\"fusion-column-wrapper fusion-flex-column-wrapper-legacy\" style=\"background-position:left top;background-repeat:no-repeat;-webkit-background-size:cover;-moz-background-size:cover;-o-background-size:cover;background-size:cover;padding: 0px 0px 0px 0px;\"><div class=\"fusion-text fusion-text-1\"><h2 style=\"text-align: center; font-size: 130px; line-height: 0.85em; margin-top: 0.24em; margin-bottom: 25px;\">SEGUNDA <span style=\"color: #4ad575;\">ETAPA<\/span><\/h2>\n<\/div><div class=\"fusion-text fusion-text-2\"><h4 style=\"text-align: center; font-size: 40px; line-height: 0.85em; margin-top: 0.24em; margin-bottom: 25px;\">15 DE MARZO<\/h4>\n<\/div><div class=\"fusion-fa-align-center\"><i class=\"fb-icon-element-1 fb-icon-element fontawesome-icon fa fa-ellipsis-h circle-no\" style=\"font-size:14px;margin-bottom:25px;\"><\/i><\/div><style>i.fb-icon-element.fontawesome-icon.fb-icon-element-1{ color: #4ad575;}i.fb-icon-element.fontawesome-icon.fb-icon-element-1:hover { color: #4ad575;}<\/style><div class=\"fusion-text fusion-text-3\"><p><span style=\"color: #000000;\"><strong>PROGRAMA DE ACTIVIDADES<\/strong><\/span><\/p>\n<p><span style=\"color: #000000;\"><span style=\"color: #449a8f;\">8,30h \u2013 09,45 horas.<\/span> Recogida de dorsales y bolsa de corredor en oficina de carrera.<\/span><br \/>\n<span style=\"color: #000000;\"><span style=\"color: #449a8f;\">10,00 horas.<\/span> Salida neutralizada por el casco urbano<\/span><br \/>\n<span style=\"color: #000000;\"><span style=\"color: #449a8f;\">10,05 horas.<\/span> Salida lanzada de la 2\u00aa etapa Media Marat\u00f3n<\/span><br \/>\n<span style=\"color: #000000;\"><span style=\"color: #449a8f;\">12,00h \u2013 14,00 horas.<\/span> Llegada de participantes<\/span><br \/>\n<span style=\"color: #000000;\"><span style=\"color: #449a8f;\">14,00 horas.<\/span> Cierre de carrera<\/span><br \/>\n<span style=\"color: #000000;\"><span style=\"color: #449a8f;\">14,30 horas.<\/span> Entrega de Trofeos 2\u00aa Etapa media marat\u00f3n.<\/span><\/p>\n<\/div><div class=\"fusion-clearfix\"><\/div><\/div><\/div><div class=\"fusion-layout-column fusion_builder_column fusion-builder-column-2 fusion_builder_column_1_6 1_6 fusion-one-sixth fusion-column-last fusion-no-small-visibility\" style=\"width:16.666666666667%;width:calc(16.666666666667% - ( ( 4% + 4% ) * 0.16666666666667 ) );margin-top:15px;margin-bottom:15px;\"><div class=\"fusion-column-wrapper fusion-flex-column-wrapper-legacy\" style=\"background-position:left top;background-repeat:no-repeat;-webkit-background-size:cover;-moz-background-size:cover;-o-background-size:cover;background-size:cover;padding: 0px 0px 0px 0px;\"><div class=\"fusion-clearfix\"><\/div><\/div><\/div><\/div><\/div><div class=\"fusion-fullwidth fullwidth-box fusion-builder-row-2 nonhundred-percent-fullwidth non-hundred-percent-height-scrolling\" style=\"background-color: #f7f7f7;background-position: left top;background-repeat: no-repeat;padding-top:5%;padding-right:0px;padding-bottom:6%;padding-left:0px;margin-bottom: 0px;margin-top: 0px;border-width: 0px 0px 0px 0px;border-color:#f7f7f7;border-style:solid;\" ><div class=\"fusion-builder-row fusion-row\"><div class=\"fusion-layout-column fusion_builder_column fusion-builder-column-3 fusion_builder_column_1_3 1_3 fusion-one-third fusion-column-first fusion-animated\" style=\"width:30.6666%; margin-right: 4%;margin-top:60px;margin-bottom:50px;\" data-animationType=\"fadeInDown\" data-animationDuration=\"1.0\" data-animationOffset=\"top-into-view\"><div class=\"fusion-column-wrapper fusion-flex-column-wrapper-legacy\" style=\"background-position:left top;background-repeat:no-repeat;-webkit-background-size:cover;-moz-background-size:cover;-o-background-size:cover;background-size:cover;padding: 0px 0px 0px 0px;\"><div class=\"fusion-text fusion-text-4\"><p style=\"text-align: center;\">La salida y meta, adem\u00e1s de la zona de boxes, stand y oficina de carrera estar\u00e1n situadas en\u00a0<strong>la Plaza de la Constituci\u00f3n<\/strong>\u00a0de Lanjar\u00f3n. Siendo este el centro neur\u00e1lgico de la prueba durante sus dos d\u00edas de duraci\u00f3n. Los corredores tendr\u00e1n que superar un recorrido de dureza f\u00edsica media-alta y nivel t\u00e9cnico medio, que recorrer\u00e1 la sierra y alrededores de Lanjar\u00f3n en dos etapas con diferentes formatos. Se recorrer\u00e1n espectaculares lugares por fren\u00e9ticos caminos, veredas y carriles.<\/p>\n<\/div><div class=\"fusion-clearfix\"><\/div><\/div><\/div><div class=\"fusion-layout-column fusion_builder_column fusion-builder-column-4 fusion_builder_column_2_3 2_3 fusion-two-third fusion-column-last fusion-no-small-visibility\" style=\"width:65.3333%;margin-top:60PX;margin-bottom:60PX;\"><div class=\"fusion-column-wrapper fusion-flex-column-wrapper-legacy\" style=\"background-position:left top;background-repeat:no-repeat;-webkit-background-size:cover;-moz-background-size:cover;-o-background-size:cover;background-size:cover;padding: 0px 0px 0px 0px;\"><span class=\" fusion-imageframe imageframe-none imageframe-1 hover-type-none\"><img decoding=\"async\" width=\"1024\" height=\"560\" title=\"PerfilMedia2023\" src=\"https:\/\/i0.wp.com\/deporte.lanjaron.es\/mtb\/wp-content\/uploads\/2023\/02\/PerfilMedia2023.png?resize=1024%2C560\" alt class=\"img-responsive wp-image-1386\" srcset=\"https:\/\/i0.wp.com\/deporte.lanjaron.es\/mtb\/wp-content\/uploads\/2023\/02\/PerfilMedia2023.png?resize=200%2C109&amp;ssl=1 200w, https:\/\/i0.wp.com\/deporte.lanjaron.es\/mtb\/wp-content\/uploads\/2023\/02\/PerfilMedia2023.png?resize=300%2C164&amp;ssl=1 300w, https:\/\/i0.wp.com\/deporte.lanjaron.es\/mtb\/wp-content\/uploads\/2023\/02\/PerfilMedia2023.png?resize=400%2C219&amp;ssl=1 400w, https:\/\/i0.wp.com\/deporte.lanjaron.es\/mtb\/wp-content\/uploads\/2023\/02\/PerfilMedia2023.png?resize=600%2C328&amp;ssl=1 600w, https:\/\/i0.wp.com\/deporte.lanjaron.es\/mtb\/wp-content\/uploads\/2023\/02\/PerfilMedia2023.png?resize=768%2C420&amp;ssl=1 768w, https:\/\/i0.wp.com\/deporte.lanjaron.es\/mtb\/wp-content\/uploads\/2023\/02\/PerfilMedia2023.png?resize=800%2C438&amp;ssl=1 800w, https:\/\/i0.wp.com\/deporte.lanjaron.es\/mtb\/wp-content\/uploads\/2023\/02\/PerfilMedia2023.png?resize=1024%2C560&amp;ssl=1 1024w, https:\/\/i0.wp.com\/deporte.lanjaron.es\/mtb\/wp-content\/uploads\/2023\/02\/PerfilMedia2023.png?resize=1200%2C656&amp;ssl=1 1200w, https:\/\/i0.wp.com\/deporte.lanjaron.es\/mtb\/wp-content\/uploads\/2023\/02\/PerfilMedia2023.png?fit=1280%2C700&amp;ssl=1 1280w\" sizes=\"(max-width: 1000px) 100vw, 800px\" data-recalc-dims=\"1\" \/><\/span><div class=\"fusion-clearfix\"><\/div><\/div><\/div><\/div><\/div><div class=\"fusion-fullwidth fullwidth-box fusion-builder-row-3 nonhundred-percent-fullwidth non-hundred-percent-height-scrolling\" style=\"background-color: #f7f7f7;background-position: center center;background-repeat: no-repeat;padding-top:30px;padding-right:0px;padding-bottom:5%;padding-left:0px;margin-bottom: 0px;margin-top: 0px;border-width: 0px 0px 0px 0px;border-color:#f7f7f7;border-style:solid;\" ><div class=\"fusion-builder-row fusion-row\"><div class=\"fusion-layout-column fusion_builder_column fusion-builder-column-5 fusion_builder_column_1_3 1_3 fusion-one-third fusion-column-first fusion-animated\" style=\"width:33.333333333333%;width:calc(33.333333333333% - ( ( 4% + 8% ) * 0.33333333333333 ) );margin-right: 4%;margin-top:5px;margin-bottom:15px;\" data-animationType=\"fadeInLeft\" data-animationDuration=\"1.0\" data-animationOffset=\"top-into-view\"><div class=\"fusion-column-wrapper fusion-flex-column-wrapper-legacy\" style=\"background-position:left top;background-repeat:no-repeat;-webkit-background-size:cover;-moz-background-size:cover;-o-background-size:cover;background-size:cover;padding: 0px 0px 0px 0px;\"><ul class=\"fusion-checklist fusion-checklist-1\" style=\"font-size:20px;line-height:34px;\"><li style=\"background-color:rgba(255,255,255,0);\" class=\"fusion-li-item\"><span style=\"height:34px;width:34px;margin-right:14px;\" class=\"icon-wrapper circle-no\"><i class=\"fusion-li-icon fa-check fas\" style=\"color:#4ad575;\" aria-hidden=\"true\"><\/i><\/span><div class=\"fusion-li-item-content\" style=\"margin-left:48px;color:#7b838b;\">\n<p>4 avituallamientos (s\u00f3lido y l\u00edquido).<\/p>\n<\/div><\/li><li style=\"background-color:rgba(255,255,255,0);\" class=\"fusion-li-item\"><span style=\"height:34px;width:34px;margin-right:14px;\" class=\"icon-wrapper circle-no\"><i class=\"fusion-li-icon fa-check fas\" style=\"color:#4ad575;\" aria-hidden=\"true\"><\/i><\/span><div class=\"fusion-li-item-content\" style=\"margin-left:48px;color:#7b838b;\">\n<p>Equipamiento y personal sanitario durante el recorrido.<\/p>\n<\/div><\/li><li style=\"background-color:rgba(255,255,255,0);\" class=\"fusion-li-item\"><span style=\"height:34px;width:34px;margin-right:14px;\" class=\"icon-wrapper circle-no\"><i class=\"fusion-li-icon fa-check fas\" style=\"color:#4ad575;\" aria-hidden=\"true\"><\/i><\/span><div class=\"fusion-li-item-content\" style=\"margin-left:48px;color:#7b838b;\">\n<p>Instalaciones para la<strong>\u00a0ducha y el aseo.\u00a0<\/strong><\/p>\n<\/div><\/li><li style=\"background-color:rgba(255,255,255,0);\" class=\"fusion-li-item\"><span style=\"height:34px;width:34px;margin-right:14px;\" class=\"icon-wrapper circle-no\"><i class=\"fusion-li-icon fa-check fas\" style=\"color:#4ad575;\" aria-hidden=\"true\"><\/i><\/span><div class=\"fusion-li-item-content\" style=\"margin-left:48px;color:#7b838b;\">\n<p style=\"margin-bottom: 20px;\">Instalaciones\u00a0<strong>lava bicis<\/strong>.<\/p>\n<\/div><\/li><li style=\"background-color:rgba(255,255,255,0);\" class=\"fusion-li-item\"><span style=\"height:34px;width:34px;margin-right:14px;\" class=\"icon-wrapper circle-no\"><i class=\"fusion-li-icon fa-check fas\" style=\"color:#4ad575;\" aria-hidden=\"true\"><\/i><\/span><div class=\"fusion-li-item-content\" style=\"margin-left:48px;color:#7b838b;\">\n<p><strong>Asistencia sanitaria<\/strong>\u00a0formado por dos ambulancias, siendo una de ellas m\u00e9dica.<\/p>\n<\/div><\/li><li style=\"background-color:rgba(255,255,255,0);\" class=\"fusion-li-item\"><span style=\"height:34px;width:34px;margin-right:14px;\" class=\"icon-wrapper circle-no\"><i class=\"fusion-li-icon fa-check fas\" style=\"color:#4ad575;\" aria-hidden=\"true\"><\/i><\/span><div class=\"fusion-li-item-content\" style=\"margin-left:48px;color:#7b838b;\">\n<p>Zonas habilitadas de<strong>\u00a0boxes de equipos y parking<\/strong>\u00a0para veh\u00edculos de participantes.<\/p>\n<\/div><\/li><li style=\"background-color:rgba(255,255,255,0);\" class=\"fusion-li-item\"><span style=\"height:34px;width:34px;margin-right:14px;\" class=\"icon-wrapper circle-no\"><i class=\"fusion-li-icon fa-check fas\" style=\"color:#4ad575;\" aria-hidden=\"true\"><\/i><\/span><div class=\"fusion-li-item-content\" style=\"margin-left:48px;color:#7b838b;\">\n<div class=\"et_pb_column et_pb_column_1_3 et_pb_column_3 et_pb_css_mix_blend_mode_passthrough et_pb_column_single\">\n<div class=\"et_pb_text et_pb_module et_pb_bg_layout_light et_pb_text_align_left et_pb_text_4\">\n<div class=\"et_pb_text_inner\">\n<div class=\"et_pb_column et_pb_column_1_3 et_pb_column_3 et_pb_css_mix_blend_mode_passthrough et_pb_column_single\">\n<div class=\"et_pb_text et_pb_module et_pb_bg_layout_light et_pb_text_align_left et_pb_text_4\">\n<div class=\"et_pb_text_inner\">\n<p>Comida de confraternidad (3er tiempo) al finalizar la segunda etapa.<\/p>\n<\/div>\n<\/div>\n<\/div>\n<div class=\"et_pb_column et_pb_column_2_3 et_pb_column_4 et_pb_specialty_column et_pb_css_mix_blend_mode_passthrough et-last-child\">\n<div class=\" et_pb_row_inner et_pb_row_inner_0\">\n<div class=\"et_pb_column et_pb_column_1_3 et_pb_column_inner et_pb_column_inner_0\"><\/div>\n<\/div>\n<\/div>\n<\/div>\n<\/div>\n<\/div>\n<div class=\"et_pb_column et_pb_column_2_3 et_pb_column_4 et_pb_specialty_column et_pb_css_mix_blend_mode_passthrough et-last-child\">\n<div class=\" et_pb_row_inner et_pb_row_inner_0\">\n<div class=\"et_pb_column et_pb_column_1_3 et_pb_column_inner et_pb_column_inner_0\"><\/div>\n<\/div>\n<\/div>\n<\/div><\/li><\/ul><div class=\"fusion-clearfix\"><\/div><\/div><\/div><div class=\"fusion-layout-column fusion_builder_column fusion-builder-column-6 fusion_builder_column_1_3 1_3 fusion-one-third fusion-animated\" style=\"width:33.333333333333%;width:calc(33.333333333333% - ( ( 4% + 8% ) * 0.33333333333333 ) );margin-right: 8%;margin-top:15px;margin-bottom:15px;\" data-animationType=\"fadeInDown\" data-animationDuration=\"1.0\" data-animationOffset=\"top-into-view\"><div class=\"fusion-column-wrapper fusion-flex-column-wrapper-legacy\" style=\"background-position:left top;background-repeat:no-repeat;-webkit-background-size:cover;-moz-background-size:cover;-o-background-size:cover;background-size:cover;padding: 0px 0px 0px 0px;\"><div class=\"fusion-text fusion-text-5\"><div class=\"et_pb_column et_pb_column_1_3 et_pb_column_inner et_pb_column_inner_0\">\n<div class=\"et_pb_text et_pb_module et_pb_bg_layout_light et_pb_text_align_left et_pb_text_5\">\n<div class=\"et_pb_text_inner\">\n<div class=\"et_pb_column et_pb_column_1_3 et_pb_column_inner et_pb_column_inner_0\">\n<div class=\"et_pb_text et_pb_module et_pb_bg_layout_light et_pb_text_align_left et_pb_text_5\">\n<div class=\"et_pb_text_inner\">\n<p>Todo el recorrido estar\u00e1 controlado por un nutrido n\u00famero de colaboradores de la organizaci\u00f3n. \u00c9ste se encontrar\u00e1\u00a0<strong>se\u00f1alizado<\/strong>\u00a0e incluso balizado para evitar p\u00e9rdidas, con referencias que indicar\u00e1n el camino a seguir. En todo momento se deben seguir las instrucciones que dichos colaboradores indiquen, causando motivo de descalificaci\u00f3n de la prueba su ignorancia o desobediencia. Dicho control se extender\u00e1 hasta las<strong>\u00a014:00 horas (hora l\u00edmite de llegada a meta).<\/strong><\/p>\n<p>Tambi\u00e9n existir\u00e1 un punto de fuera de control en el<strong>\u00a0km 23 (<\/strong>2\u00ba avituallamiento), quedando fuera de carrera aquel que pase despu\u00e9s de las\u00a0<strong>13:00 horas<\/strong>\u00a0desvi\u00e1ndose al participante hasta el n\u00facleo urbano de Lanjar\u00f3n por una pista descendente.<\/p>\n<\/div>\n<\/div>\n<\/div>\n<div class=\"et_pb_column et_pb_column_1_3 et_pb_column_inner et_pb_column_inner_1 et-last-child\">\n<div class=\"et_pb_text et_pb_module et_pb_bg_layout_light et_pb_text_align_left et_pb_text_6\">\n<div class=\"et_pb_text_inner\"><\/div>\n<\/div>\n<\/div>\n<\/div>\n<\/div>\n<\/div>\n<\/div><div class=\"fusion-clearfix\"><\/div><\/div><\/div><div class=\"fusion-layout-column fusion_builder_column fusion-builder-column-7 fusion_builder_column_1_3 1_3 fusion-one-third fusion-column-last fusion-animated\" style=\"width:33.333333333333%;width:calc(33.333333333333% - ( ( 4% + 8% ) * 0.33333333333333 ) );margin-top:15px;margin-bottom:15px;\" data-animationType=\"fadeInDown\" data-animationDuration=\"1.0\" data-animationOffset=\"top-into-view\"><div class=\"fusion-column-wrapper fusion-flex-column-wrapper-legacy\" style=\"background-position:left top;background-repeat:no-repeat;-webkit-background-size:cover;-moz-background-size:cover;-o-background-size:cover;background-size:cover;padding: 0px 0px 0px 0px;\"><div class=\"fusion-text fusion-text-6\"><div class=\"et_pb_section et_pb_section_3 et_section_specialty\">\n<div class=\"et_pb_row\">\n<div class=\"et_pb_column et_pb_column_2_3 et_pb_column_4 et_pb_specialty_column et_pb_css_mix_blend_mode_passthrough et-last-child\">\n<div class=\" et_pb_row_inner et_pb_row_inner_0\">\n<div class=\"et_pb_column et_pb_column_1_3 et_pb_column_inner et_pb_column_inner_1 et-last-child\">\n<div class=\"et_pb_text et_pb_module et_pb_bg_layout_light et_pb_text_align_left et_pb_text_6\">\n<div class=\"et_pb_text_inner\">\n<p>Habr\u00e1 cuantiosos regalos para los primeros clasificados en la clasificaci\u00f3n general de la prueba, tanto en categor\u00eda femenina como masculina.<\/p>\n<p>Se gratificar\u00e1 a los primeros clasificados de la clasificaci\u00f3n general. El numero y cuant\u00eda de los regalos y premios estar\u00e1 en virtud de los regalos y premios que aporten nuestros patrocinadores y se publicaran varios d\u00edas antes en la web oficial. Siendo como m\u00ednimo para los siete primeros clasificados en ambos sexos. Estos premios ser\u00e1n en especie y nunca en met\u00e1lico. Tambi\u00e9n se realizara tres clasificaciones generales entre los participantes locales, teniendo derecho a trofeos y premios los 3 primeros clasificados.<\/p>\n<\/div>\n<\/div>\n<\/div>\n<\/div>\n<\/div>\n<\/div>\n<\/div>\n<\/div><div class=\"fusion-clearfix\"><\/div><\/div><\/div><\/div><\/div><div class=\"fusion-fullwidth fullwidth-box fusion-builder-row-4 fusion-parallax-none hundred-percent-fullwidth hundred-percent-height hundred-percent-height-center-content non-hundred-percent-height-scrolling fusion-equal-height-columns\" style=\"background-color: #3a4149;background-image: url(&quot;http:\/\/deporte.lanjaron.es\/mtb\/wp-content\/uploads\/2020\/01\/bici_piedras_overlay.jpg&quot;);background-position: center top;background-repeat: no-repeat;padding-top:0px;padding-right:0px;padding-bottom:15px;padding-left:0px;margin-bottom: 0px;margin-top: 0px;border-width: 0px 0px 0px 0px;border-color:#f7f7f7;border-style:solid;-webkit-background-size:cover;-moz-background-size:cover;-o-background-size:cover;background-size:cover;\" ><div class=\"fusion-fullwidth-center-content\"><div class=\"fusion-builder-row fusion-row\"><div class=\"fusion-layout-column fusion_builder_column fusion-builder-column-8 fusion_builder_column_1_2 1_2 fusion-one-half fusion-column-first fusion-animated\" style=\"width:50%;width:calc(50% - ( ( 0px ) * 0.5 ) );margin-right: 0px;margin-top:15px;margin-bottom:15px;\" data-animationType=\"fadeInLeft\" data-animationDuration=\"1.0\" data-animationOffset=\"top-into-view\"><div class=\"fusion-column-wrapper fusion-flex-column-wrapper-legacy\" style=\"background-position:left top;background-repeat:no-repeat;-webkit-background-size:cover;-moz-background-size:cover;-o-background-size:cover;background-size:cover;padding: 0px 0px 0px 0px;\"><div class=\"fusion-column-content-centered\"><div class=\"fusion-column-content\"><div class=\"fusion-builder-row fusion-builder-row-inner fusion-row\"><div class=\"fusion-layout-column fusion_builder_column_inner fusion-builder-nested-column-0 fusion_builder_column_inner_1_1 1_1 fusion-one-full fusion-column-first fusion-column-last\" style=\"margin-top:15px;margin-bottom:15px;\"><div class=\"fusion-column-wrapper fusion-flex-column-wrapper-legacy\" style=\"background-position:left top;background-repeat:no-repeat;-webkit-background-size:cover;-moz-background-size:cover;-o-background-size:cover;background-size:cover;padding: 0px 0px 0px 0px;\"><div class=\"fusion-sep-clear\"><\/div><div class=\"fusion-separator fusion-clearfix\" style=\"float:left;margin-top:5px;margin-bottom:10px;width:100%;max-width:60%;\"><div class=\"fusion-separator-border sep-single sep-solid\" style=\"border-color:#4ad575;border-top-width:3px;\"><\/div><\/div><div class=\"fusion-sep-clear\"><\/div><div class=\"fusion-text fusion-text-7\"><p style=\"text-align: center;\"><iframe style=\"border: none; overflow: hidden;\" src=\"https:\/\/www.facebook.com\/plugins\/video.php?height=314&amp;href=https%3A%2F%2Fwww.facebook.com%2FOpenMTBlanjaronalpujarra%2Fvideos%2F284362180586141%2F&amp;show_text=false&amp;width=560&amp;t=0\" width=\"560\" height=\"314\" frameborder=\"0\" scrolling=\"no\" allowfullscreen=\"allowfullscreen\"><\/iframe><\/p>\n<\/div><div class=\"fusion-sep-clear\"><\/div><div class=\"fusion-separator fusion-clearfix\" style=\"float:left;margin-top:5px;margin-bottom:10px;width:100%;max-width:60%;\"><div class=\"fusion-separator-border sep-single sep-solid\" style=\"border-color:#4ad575;border-top-width:3px;\"><\/div><\/div><div class=\"fusion-sep-clear\"><\/div><div class=\"fusion-clearfix\"><\/div><\/div><\/div><\/div><\/div><\/div><div class=\"fusion-clearfix\"><\/div><\/div><\/div><div class=\"fusion-layout-column fusion_builder_column fusion-builder-column-9 fusion_builder_column_1_2 1_2 fusion-one-half fusion-column-last fusion-animated\" style=\"width:50%;width:calc(50% - ( ( 0px ) * 0.5 ) );margin-top:0px;margin-bottom:0px;\" data-animationType=\"fadeInRight\" data-animationDuration=\"1.0\" data-animationOffset=\"top-into-view\"><div class=\"fusion-column-wrapper fusion-flex-column-wrapper-legacy\" style=\"background-position:left top;background-repeat:no-repeat;-webkit-background-size:cover;-moz-background-size:cover;-o-background-size:cover;background-size:cover;padding: 0px 0px 0px 30px;\"><div class=\"fusion-column-content-centered\"><div class=\"fusion-column-content\"><div class=\"fusion-builder-row fusion-builder-row-inner fusion-row\"><div class=\"fusion-layout-column fusion_builder_column_inner fusion-builder-nested-column-1 fusion_builder_column_inner_1_3 1_3 fusion-one-third fusion-column-first\" style=\"width:33.333333333333%;width:calc(33.333333333333% - ( ( 0px ) * 0.33333333333333 ) );margin-right: 0px;margin-top:15px;margin-bottom:15px;\"><div class=\"fusion-column-wrapper fusion-flex-column-wrapper-legacy\" style=\"background-position:left top;background-repeat:no-repeat;-webkit-background-size:cover;-moz-background-size:cover;-o-background-size:cover;background-size:cover;padding: 0px 0px 0px 0px;\"><div class=\"fusion-clearfix\"><\/div><\/div><\/div><div class=\"fusion-layout-column fusion_builder_column_inner fusion-builder-nested-column-2 fusion_builder_column_inner_2_3 2_3 fusion-two-third fusion-column-last fusion-column-inner-bg-wrapper fusion-column-liftup-border\" style=\"width:66.666666666667%;width:calc(66.666666666667% - ( ( 0px ) * 0.66666666666667 ) );margin-top:15px;margin-bottom:15px;\"><div class=\"fusion-column-wrapper fusion-flex-column-wrapper-legacy\" style=\"padding: 10% 10% 10% 6%;\"><div class=\"fusion-column-content-centered\"><div class=\"fusion-column-content\"><div class=\"fusion-button-wrapper\"><style>.fusion-body .fusion-button.button-1{border-color:#ffffff;border-radius:2px 2px 2px 2px;background:rgba(74,213,117,0);}.fusion-body .fusion-button.button-1 .fusion-button-text,.fusion-body .fusion-button.button-1 i,.fusion-body .fusion-button.button-1:hover .fusion-button-text,.fusion-body .fusion-button.button-1:hover i,.fusion-body .fusion-button.button-1:focus .fusion-button-text,.fusion-body .fusion-button.button-1:focus i,.fusion-body .fusion-button.button-1:active .fusion-button-text,.fusion-body .fusion-button.button-1:active i{color:#ffffff;}.fusion-body .fusion-button.button-1:hover,.fusion-body .fusion-button.button-1:active,.fusion-body .fusion-button.button-1:focus{border-color:#ffffff;background:rgba(85,227,129,0);}<\/style><a class=\"fusion-button button-flat button-xlarge button-custom button-1 fusion-button-default-span fusion-button-default-type\" target=\"_blank\" rel=\"noopener noreferrer\" href=\"https:\/\/www.cruzandolameta.es\/ver\/open-mtb-puerta-de-la-alpujarra-2026---2493\/\"><span class=\"fusion-button-text\">INSCRIPCIONES ABIERTAS<\/span><i class=\"fa-angle-right fas button-icon-right\" aria-hidden=\"true\"><\/i><\/a><\/div><\/div><\/div><div class=\"fusion-clearfix\"><\/div><\/div><span class=\"fusion-column-inner-bg hover-type-liftup\"><a class=\"fusion-column-anchor\" href=\"https:\/\/www.cruzandolameta.es\/ver\/open-mtb-puerta-de-la-alpujarra-2020---1142\/\"><span class=\"fusion-column-inner-bg-image\" style=\"background-color:#4ad575;background-position:left top;background-repeat:no-repeat;-webkit-background-size:cover;-moz-background-size:cover;-o-background-size:cover;background-size:cover;\"><\/span><\/a><\/span><\/div><\/div><\/div><\/div><div class=\"fusion-clearfix\"><\/div><\/div><\/div><\/div><\/div><\/div>\n<\/p>\n","protected":false},"excerpt":{"rendered":"","protected":false},"author":1,"featured_media":0,"parent":0,"menu_order":0,"comment_status":"closed","ping_status":"closed","template":"100-width.php","meta":{"advanced_seo_description":"","jetpack_seo_html_title":"","jetpack_seo_noindex":false,"footnotes":""},"class_list":["post-1321","page","type-page","status-publish","hentry"],"jetpack_sharing_enabled":true,"jetpack_shortlink":"https:\/\/wp.me\/P9G5Ij-lj","jetpack-related-posts":[{"id":424,"url":"https:\/\/deporte.lanjaron.es\/mtb\/lanjaron\/","url_meta":{"origin":1321,"position":0},"title":"LANJAR\u00d3N","date":"17th marzo 2017","format":false,"excerpt":"[et_pb_section fb_built=\"1\" _builder_version=\"3.0.102\" custom_margin=\"||30px|\"][et_pb_row custom_padding=\"0px|0px|0px|0px\" _builder_version=\"3.0.102\" background_size=\"initial\" background_position=\"top_left\" background_repeat=\"repeat\" border_width_bottom=\"7px\" border_color_bottom=\"#82aa1d\" box_shadow_style=\"preset3\"][et_pb_column type=\"4_4\" _builder_version=\"3.0.47\" parallax=\"off\" parallax_method=\"on\"][et_pb_image src=\"http:\/\/deporte.lanjaron.es\/mtb\/wp-content\/uploads\/2017\/03\/logo.png\" align=\"center\" _builder_version=\"3.0.102\" custom_margin=\"||30px|\"][\/et_pb_image][\/et_pb_column][\/et_pb_row][\/et_pb_section][et_pb_section fb_built=\"1\" _builder_version=\"3.0.102\" border_width_bottom=\"8px\" border_color_bottom=\"#f78300\" max_width=\"66%\" module_alignment=\"center\" custom_padding=\"2px|0px|0px|0px\" box_shadow_style=\"preset3\"][et_pb_row custom_padding=\"0px|0px|0px|0px\" _builder_version=\"3.0.102\" background_size=\"initial\" background_position=\"top_left\" background_repeat=\"repeat\" module_alignment=\"center\"][et_pb_column type=\"1_4\" _builder_version=\"3.0.47\" parallax=\"off\" parallax_method=\"on\"][et_pb_button button_url=\"https:\/\/docs.google.com\/file\/d\/0B_1G3bqm8uWqbzRtMnZzcVJFYlE\/preview\" url_new_window=\"on\" button_text=\"Senderismo Lanjar\u00f3n\" button_alignment=\"center\" _builder_version=\"3.0.105\" custom_button=\"on\" button_text_size=\"29px\" button_text_color=\"#ffffff\" button_bg_image=\"http:\/\/deporte.lanjaron.es\/mtb\/wp-content\/uploads\/2017\/03\/L.jpg\" button_bg_size=\"contain\" button_border_width=\"0px\"\u2026","rel":"","context":"Entrada similar","img":{"alt_text":"","src":"..\/..\/wp-content\/uploads\/2017\/03\/Logo-Ayto-y-Turismo-300x198.jpg","width":350,"height":200},"classes":[]},{"id":218,"url":"https:\/\/deporte.lanjaron.es\/mtb\/aviso-legal\/","url_meta":{"origin":1321,"position":1},"title":"Aviso Legal","date":"7th marzo 2017","format":false,"excerpt":"[et_pb_section bb_built=\"1\" admin_label=\"Features\" _builder_version=\"3.6\" custom_padding=\"|||\" next_background_color=\"#f7f7f7\"][et_pb_row custom_margin=\"|||\" _builder_version=\"3.6\"][et_pb_column type=\"4_4\"][et_pb_text admin_label=\"Title\" _builder_version=\"3.6\" header_font=\"||||||||\" header_3_font=\"Teko||||||||\" header_3_font_size=\"40px\" header_3_line_height=\"1.2em\" border_color_all=\"rgba(51,51,51,0.12)\" border_width_bottom=\"1px\" custom_margin=\"||15px|\"] General Information [\/et_pb_text][\/et_pb_column][\/et_pb_row][et_pb_row custom_padding=\"0|0px|27px|0px|false|false\" custom_margin=\"|||\" _builder_version=\"3.6\"][et_pb_column type=\"2_3\"][et_pb_text _builder_version=\"3.2\" text_font=\"Lato||||||||\" text_font_size=\"18px\" text_line_height=\"1.8em\"] Lorem ipsum dolor sit amet, consectetur adipiscing elit. Nullam risus quam, blandit eget est non, luctus rhoncus neque. Vestibulum imperdiet magna\u2026","rel":"","context":"Entrada similar","img":{"alt_text":"","src":"","width":0,"height":0},"classes":[]},{"id":2,"url":"https:\/\/deporte.lanjaron.es\/mtb\/","url_meta":{"origin":1321,"position":2},"title":"MTB Home","date":"31st julio 2016","format":false,"excerpt":"","rel":"","context":"Entrada similar","img":{"alt_text":"","src":"","width":0,"height":0},"classes":[]},{"id":6,"url":"https:\/\/deporte.lanjaron.es\/mtb\/primera-etapa\/","url_meta":{"origin":1321,"position":3},"title":"1\u00ba Etapa","date":"4th agosto 2016","format":false,"excerpt":"","rel":"","context":"Entrada similar","img":{"alt_text":"","src":"","width":0,"height":0},"classes":[]}],"_links":{"self":[{"href":"https:\/\/deporte.lanjaron.es\/mtb\/wp-json\/wp\/v2\/pages\/1321","targetHints":{"allow":["GET"]}}],"collection":[{"href":"https:\/\/deporte.lanjaron.es\/mtb\/wp-json\/wp\/v2\/pages"}],"about":[{"href":"https:\/\/deporte.lanjaron.es\/mtb\/wp-json\/wp\/v2\/types\/page"}],"author":[{"embeddable":true,"href":"https:\/\/deporte.lanjaron.es\/mtb\/wp-json\/wp\/v2\/users\/1"}],"replies":[{"embeddable":true,"href":"https:\/\/deporte.lanjaron.es\/mtb\/wp-json\/wp\/v2\/comments?post=1321"}],"version-history":[{"count":8,"href":"https:\/\/deporte.lanjaron.es\/mtb\/wp-json\/wp\/v2\/pages\/1321\/revisions"}],"predecessor-version":[{"id":1430,"href":"https:\/\/deporte.lanjaron.es\/mtb\/wp-json\/wp\/v2\/pages\/1321\/revisions\/1430"}],"wp:attachment":[{"href":"https:\/\/deporte.lanjaron.es\/mtb\/wp-json\/wp\/v2\/media?parent=1321"}],"curies":[{"name":"wp","href":"https:\/\/api.w.org\/{rel}","templated":true}]}}